{"id":32022,"date":"2023-12-02T12:02:31","date_gmt":"2023-12-02T11:02:31","guid":{"rendered":"https:\/\/staging.burotel.be\/onze-locaties\/"},"modified":"2023-12-17T16:11:41","modified_gmt":"2023-12-17T15:11:41","slug":"onze-locaties","status":"publish","type":"page","link":"https:\/\/burotel.be\/nl\/onze-locaties\/","title":{"rendered":"Onze locaties"},"content":{"rendered":"<div class=\"gb-container gb-container-e0d7c60a\">\n<div class=\"gb-container gb-container-4fc8e78a\">\n\n<h2 class=\"gb-headline gb-headline-e5bf94e7 gb-headline-text\"><strong>Burotel<\/strong><\/h2>\n\n\n\n<h1 class=\"gb-headline gb-headline-c5799429 gb-headline-text\">Onze gebouwen<br>Uitzonderlijke werkplekken<br>In het centrum van Brussel<\/h1>\n\n\n<div class=\"gb-grid-wrapper gb-grid-wrapper-c2fadff1\">\n<div class=\"gb-grid-column gb-grid-column-73b0c20a\"><div class=\"gb-container gb-container-73b0c20a\">\n<div class=\"gb-grid-wrapper gb-grid-wrapper-d1bb4641\">\n<div class=\"gb-grid-column gb-grid-column-8092db9f\"><div class=\"gb-container gb-container-8092db9f\">\n\n<a class=\"gb-button gb-button-48ee0c11 smooth-scroll\" href=\"#emplacements\"><span class=\"gb-button-text\">Ontdek onze locaties<\/span><span class=\"gb-icon\"><svg xmlns=\"http:\/\/www.w3.org\/2000\/svg\" aria-hidden=\"true\" role=\"img\" height=\"1em\" width=\"1em\" viewbox=\"0 0 256 512\"><path fill=\"currentColor\" d=\"M224.3 273l-136 136c-9.4 9.4-24.6 9.4-33.9 0l-22.6-22.6c-9.4-9.4-9.4-24.6 0-33.9l96.4-96.4-96.4-96.4c-9.4-9.4-9.4-24.6 0-33.9L54.3 103c9.4-9.4 24.6-9.4 33.9 0l136 136c9.5 9.4 9.5 24.6.1 34z\"><\/path><\/svg><\/span><\/a>\n\n<\/div><\/div>\n<\/div>\n<\/div><\/div>\n\n<div class=\"gb-grid-column gb-grid-column-76f6e07c\"><div class=\"gb-container gb-container-76f6e07c\"><\/div><\/div>\n<\/div>\n<\/div>\n<\/div><div class=\"gb-container gb-container-5c23443a\" id=\"emplacements\">\n\n<h2 class=\"gb-headline gb-headline-5d86070f gb-headline-text\">3 uitzonderlijke werkplekken<\/h2>\n\n\n\n<p class=\"gb-headline gb-headline-b107fc88 gb-headline-text\">Zodra je aankomt in ons Burotel centrum, bevind je je in het hart van de sterkste geschiedenis van Belgi\u00eb.  <\/p>\n\n\n<div class=\"gb-container gb-container-9336da4d\">\n\n<p class=\"gb-headline gb-headline-68576b43 gb-headline-text\">Burotel biedt u een ruime keuze aan vergaderzalen, priv\u00e9kantoren en volledig uitgeruste kantoren, lounge- en coworkingruimtes op meer dan 3.000 m\u00b2 in de zakenwijk van Brussel. Meer specifiek, op de Place de la Libert\u00e9.<\/p>\n\n\n\n<p class=\"gb-headline gb-headline-bc0127f2 gb-headline-text\">Bij Burotel hechten we veel belang aan het bieden van een uitzonderlijke service. En dat alles tegen een zeer concurrerende prijs. Bovendien profiteer je van onze strategische ligging in het hart van Brussel, de ervaring die we in bijna 40 jaar hebben opgebouwd en onze prachtige gebouwen, zodat je in uitstekende omstandigheden kunt werken.<\/p>\n\n<\/div>\n\n\n<p class=\"gb-headline gb-headline-08c96c8d gb-headline-text\">Vlak naast de Congreskolom, gebouwd vlak na de Belgische grondwet, bevindt je werkplek zich op een plek die doordrenkt is van krachtige historische momenten. 4 rue de la Presse (hoofdkantoor Burotel), 35 rue du Congr\u00e8s (Burotel Congr\u00e8s) en 37 rue du Congr\u00e8s (Burotel Liberty) zijn unieke locaties in Brussel die elkaar aanvullen.<\/p>\n\n\n\n<p class=\"gb-headline gb-headline-4e714db3 gb-headline-text\">Afgezien van de geschiedenis sta je midden in Europese zaken. De Europese en Belgische instellingen liggen op slechts een paar minuten lopen. Iets verderop sta je voor het kantoor van de premier, net als in de Belgische Senaat. Deze wijk is uniek omdat ze dezelfde concentratie van grote Brusselse priv\u00e9bedrijven samenbrengt.<\/p>\n\n<\/div><div class=\"gb-container gb-container-dd0a0fdc\" id=\"emplacements\">\n<div class=\"gb-container gb-container-20da2708\">\n<div class=\"gb-grid-wrapper gb-grid-wrapper-f5811989\">\n<div class=\"gb-grid-column gb-grid-column-78969534\"><div class=\"gb-container gb-container-78969534\">\n\n<h2 class=\"gb-headline gb-headline-a4000aa2 gb-headline-text\">Congresstraat 35,  <br>1000 Brussel<\/h2>\n\n\n\n<p class=\"gb-headline gb-headline-4c40864c gb-headline-text\">Een majestueus, op de erfgoedlijst opgenomen H\u00f4tel de Ma\u00eetre.<\/p>\n\n\n\n<p class=\"gb-headline gb-headline-42724d0e gb-headline-text\">Als je door de deuren van Burotel Congr\u00e8s binnenkomt, word je overspoeld met uitzicht op de Colonne du Congr\u00e8s.  <\/p>\n\n\n\n<p class=\"gb-headline gb-headline-1984e77c gb-headline-text\">Binnen de muren van een prachtig H\u00f4tel de Ma\u00eetre wordt u omringd door parken en lommerrijke pleinen, die een vleugje elegantie toevoegen aan uw werkplek. Ons adres in Brussel onderscheidt zich door het elegante design, met gewelfde plafonds en prachtige glas-in-loodramen.  <\/p>\n\n\n\n<p class=\"gb-headline gb-headline-350d309f gb-headline-text\">Afhankelijk van je behoeften heb je de vrijheid om te kiezen tussen grote kantoren, klassieke vergaderzalen en kleinere zoals onze bubbels.<\/p>\n\n\n<div class=\"gb-container gb-container-323c3ebc gb-accordion\">\n<div class=\"gb-container gb-container-2562aa91 gb-accordion__item\" data-transition=\"slide\">\n\n<button class=\"gb-button gb-button-cf390782 gb-button-text gb-accordion__toggle\">Toon op kaart<\/button>\n\n\n<div class=\"gb-accordion__content\"><div class=\"gb-container gb-container-eac35236\">\n\n<iframe src=\"https:\/\/www.google.com\/maps\/embed?pb=!1m18!1m12!1m3!1d2519.0249330498764!2d4.364267376719054!3d50.84922255857125!2m3!1f0!2f0!3f0!3m2!1i1024!2i768!4f13.1!3m3!1m2!1s0x47c3c37db9af7973%3A0xba6f752d02ba0d6c!2sRue%20du%20Congr%C3%A8s%2037%2C%201000%20Bruxelles%2C%20Belgique!5e0!3m2!1sfr!2sde!4v1701899456271!5m2!1sfr!2sde\" width=\"600\" height=\"450\" style=\"border:0;\" allowfullscreen=\"\" loading=\"lazy\" referrerpolicy=\"no-referrer-when-downgrade\"><\/iframe>\n\n<\/div><\/div>\n<\/div>\n<\/div>\n<\/div><\/div>\n\n<div class=\"gb-grid-column gb-grid-column-da79efeb\"><div class=\"gb-container gb-container-da79efeb\">\n\n<figure class=\"gb-block-image gb-block-image-16433830\"><img decoding=\"async\" width=\"1920\" height=\"2560\" class=\"gb-image gb-image-16433830\" src=\"https:\/\/burotel.be\/wp-content\/uploads\/2023\/12\/emplacement-3-burotel.jpg\" alt=\"\" title=\"Bewerkt met VSCO met hb1 preset\" srcset=\"https:\/\/burotel.be\/wp-content\/uploads\/2023\/12\/emplacement-3-burotel.jpg 1920w, https:\/\/burotel.be\/wp-content\/uploads\/2023\/12\/emplacement-3-burotel-225x300.jpg 225w, https:\/\/burotel.be\/wp-content\/uploads\/2023\/12\/emplacement-3-burotel-768x1024.jpg 768w, https:\/\/burotel.be\/wp-content\/uploads\/2023\/12\/emplacement-3-burotel-1152x1536.jpg 1152w, https:\/\/burotel.be\/wp-content\/uploads\/2023\/12\/emplacement-3-burotel-1536x2048.jpg 1536w\" sizes=\"(max-width: 1920px) 100vw, 1920px\" \/><\/figure>\n\n<\/div><\/div>\n<\/div>\n<\/div>\n<\/div><div class=\"gb-container gb-container-73314dc5\">\n<div class=\"gb-container gb-container-30e88203\">\n<div class=\"gb-grid-wrapper gb-grid-wrapper-cddc4289\">\n<div class=\"gb-grid-column gb-grid-column-277168bf\"><div class=\"gb-container gb-container-277168bf\">\n\n<h2 class=\"gb-headline gb-headline-231888c7 gb-headline-text\">Rue de la Presse 4,  <br>1000 Brussel<\/h2>\n\n\n\n<p class=\"gb-headline gb-headline-95406465 gb-headline-text\">Een gezellig gebouw, perfect voor uw vergaderingen.<\/p>\n\n\n\n<p class=\"gb-headline gb-headline-95d96c72 gb-headline-text\">4 Presse is gevestigd in een elegant herenhuis en voldoet aan al je verwachtingen.  <\/p>\n\n\n\n<p class=\"gb-headline gb-headline-e8825cf3 gb-headline-text\">Een modern gebouw van 6 verdiepingen met een hoofdreceptie is van oudsher het hoofdkantoor van het bedrijf. Van kleine thematische vergaderruimtes tot grotere ruimtes, het is een geweldige plek om te werken.  <\/p>\n\n\n\n<p class=\"gb-headline gb-headline-ba3d2438 gb-headline-text\">Je kunt werken in volledig uitgeruste priv\u00e9kantoren voor 2 tot 6 personen, waardoor je je bijna thuis voelt. Als Burotel-klant hebt u gratis toegang tot al onze vergaderzalen.<\/p>\n\n\n<div class=\"gb-container gb-container-9bd5117b gb-accordion\">\n<div class=\"gb-container gb-container-d3ab7faa gb-accordion__item\" data-transition=\"slide\">\n\n<button class=\"gb-button gb-button-681cea97 gb-button-text gb-accordion__toggle\">Toon op kaart<\/button>\n\n\n<div class=\"gb-accordion__content\"><div class=\"gb-container gb-container-088d56c7\">\n\n<iframe src=\"https:\/\/www.google.com\/maps\/embed?pb=!1m18!1m12!1m3!1d2519.0249330498764!2d4.364267376719054!3d50.84922255857125!2m3!1f0!2f0!3f0!3m2!1i1024!2i768!4f13.1!3m3!1m2!1s0x47c3c37db9af7973%3A0xba6f752d02ba0d6c!2sRue%20du%20Congr%C3%A8s%2037%2C%201000%20Bruxelles%2C%20Belgique!5e0!3m2!1sfr!2sde!4v1701899456271!5m2!1sfr!2sde\" width=\"600\" height=\"450\" style=\"border:0;\" allowfullscreen=\"\" loading=\"lazy\" referrerpolicy=\"no-referrer-when-downgrade\"><\/iframe>\n\n<\/div><\/div>\n<\/div>\n<\/div>\n<\/div><\/div>\n\n<div class=\"gb-grid-column gb-grid-column-ee4e87ec\"><div class=\"gb-container gb-container-ee4e87ec\">\n\n<figure class=\"gb-block-image gb-block-image-ed469368\"><img decoding=\"async\" width=\"2018\" height=\"2560\" class=\"gb-image gb-image-ed469368\" src=\"https:\/\/burotel.be\/wp-content\/uploads\/2023\/12\/domiciliation-commerciale-burotel-cut-scaled.jpeg\" alt=\"\" title=\"domicili\u00ebring-commercieel-burotel-snit\" srcset=\"https:\/\/burotel.be\/wp-content\/uploads\/2023\/12\/domiciliation-commerciale-burotel-cut-scaled.jpeg 2018w, https:\/\/burotel.be\/wp-content\/uploads\/2023\/12\/domiciliation-commerciale-burotel-cut-236x300.jpeg 236w, https:\/\/burotel.be\/wp-content\/uploads\/2023\/12\/domiciliation-commerciale-burotel-cut-807x1024.jpeg 807w, https:\/\/burotel.be\/wp-content\/uploads\/2023\/12\/domiciliation-commerciale-burotel-cut-768x974.jpeg 768w, https:\/\/burotel.be\/wp-content\/uploads\/2023\/12\/domiciliation-commerciale-burotel-cut-1211x1536.jpeg 1211w, https:\/\/burotel.be\/wp-content\/uploads\/2023\/12\/domiciliation-commerciale-burotel-cut-1614x2048.jpeg 1614w\" sizes=\"(max-width: 2018px) 100vw, 2018px\" \/><\/figure>\n\n<\/div><\/div>\n<\/div>\n<\/div>\n<\/div><div class=\"gb-container gb-container-683a4dd1\">\n<div class=\"gb-container gb-container-671c7ef9\">\n<div class=\"gb-grid-wrapper gb-grid-wrapper-1c29e4ec\">\n<div class=\"gb-grid-column gb-grid-column-77301081\"><div class=\"gb-container gb-container-77301081\">\n\n<h2 class=\"gb-headline gb-headline-9c370d5f gb-headline-text\">Congresstraat 37,  <br>1000 Brussel<\/h2>\n\n\n\n<p class=\"gb-headline gb-headline-13e5e7e2 gb-headline-text\">Een volledig gerenoveerde moderne werkruimte.<\/p>\n\n\n\n<p class=\"gb-headline gb-headline-9b4a0854 gb-headline-text\">Dit is ons meest recente gebouw. Binnenkort wordt dit de hoofdontvangstruimte voor onze drie onderling verbonden gebouwen en staat er een fantastisch caf\u00e9 tot je beschikking, waardoor je werkplek een meer dan gastvrije sfeer krijgt.  <\/p>\n\n\n\n<p class=\"gb-headline gb-headline-becfc29c gb-headline-text\">6 verdiepingen van elk 200 m\u00b2 bieden plaats aan grotere bedrijven of gewoon aan bedrijven die hebben besloten hun werkplekken te heroverwegen in deze voortdurend veranderende wereld.<\/p>\n\n\n<div class=\"gb-container gb-container-5dcba9eb gb-accordion\">\n<div class=\"gb-container gb-container-230074a2 gb-accordion__item\" data-transition=\"slide\">\n\n<button class=\"gb-button gb-button-8e473605 gb-button-text gb-accordion__toggle\">Toon op kaart<\/button>\n\n\n<div class=\"gb-accordion__content\"><div class=\"gb-container gb-container-e79dadd8\">\n\n<iframe src=\"https:\/\/www.google.com\/maps\/embed?pb=!1m18!1m12!1m3!1d2519.0249330498764!2d4.364267376719054!3d50.84922255857125!2m3!1f0!2f0!3f0!3m2!1i1024!2i768!4f13.1!3m3!1m2!1s0x47c3c37db9af7973%3A0xba6f752d02ba0d6c!2sRue%20du%20Congr%C3%A8s%2037%2C%201000%20Bruxelles%2C%20Belgique!5e0!3m2!1sfr!2sde!4v1701899456271!5m2!1sfr!2sde\" width=\"600\" height=\"450\" style=\"border:0;\" allowfullscreen=\"\" loading=\"lazy\" referrerpolicy=\"no-referrer-when-downgrade\"><\/iframe>\n\n<\/div><\/div>\n<\/div>\n<\/div>\n<\/div><\/div>\n\n<div class=\"gb-grid-column gb-grid-column-ada4f22b\"><div class=\"gb-container gb-container-ada4f22b\">\n\n<figure class=\"gb-block-image gb-block-image-cc3de7ca\"><img decoding=\"async\" width=\"1707\" height=\"2560\" class=\"gb-image gb-image-cc3de7ca\" src=\"https:\/\/burotel.be\/wp-content\/uploads\/2023\/12\/emplacement-4-burotel.jpg\" alt=\"\" title=\"locatie-4-burotel\" srcset=\"https:\/\/burotel.be\/wp-content\/uploads\/2023\/12\/emplacement-4-burotel.jpg 1707w, https:\/\/burotel.be\/wp-content\/uploads\/2023\/12\/emplacement-4-burotel-200x300.jpg 200w, https:\/\/burotel.be\/wp-content\/uploads\/2023\/12\/emplacement-4-burotel-683x1024.jpg 683w, https:\/\/burotel.be\/wp-content\/uploads\/2023\/12\/emplacement-4-burotel-768x1152.jpg 768w, https:\/\/burotel.be\/wp-content\/uploads\/2023\/12\/emplacement-4-burotel-1024x1536.jpg 1024w, https:\/\/burotel.be\/wp-content\/uploads\/2023\/12\/emplacement-4-burotel-1366x2048.jpg 1366w\" sizes=\"(max-width: 1707px) 100vw, 1707px\" \/><\/figure>\n\n<\/div><\/div>\n<\/div>\n<\/div>\n<\/div><div class=\"gb-container gb-container-b64e61d8\" id=\"contact\">\n\n<h2 class=\"gb-headline gb-headline-42a94431 gb-headline-text\">Neem contact met ons op<\/h2>\n\n\n<div class=\"gb-container gb-container-496f98b3\">\n<link rel='stylesheet' id='formidable-css' href='https:\/\/burotel.be\/wp-content\/plugins\/formidable\/css\/formidableforms.css' media='all' \/>\n<div class=\"frm_forms  with_frm_style frm_style_style-formidable\" id=\"frm_form_2_container\" data-token=\"d61c33d8f089615302e79829139a5406\">\n<form enctype=\"multipart\/form-data\" method=\"post\" class=\"frm-show-form  frm_pro_form \" id=\"form_contactgnral\"  data-token=\"d61c33d8f089615302e79829139a5406\">\n<div class=\"frm_form_fields \">\n<fieldset>\n<legend class=\"frm_screen_reader\">Contact (algemeen)<\/legend>\r\n\r\n<div class=\"frm_fields_container\">\n<input type=\"hidden\" name=\"frm_action\" value=\"create\" \/>\n<input type=\"hidden\" name=\"form_id\" value=\"2\" \/>\n<input type=\"hidden\" name=\"frm_hide_fields_2\" id=\"frm_hide_fields_2\" value=\"\" \/>\n<input type=\"hidden\" name=\"form_key\" value=\"contactgnral\" \/>\n<input type=\"hidden\" name=\"item_meta[0]\" value=\"\" \/>\n<input type=\"hidden\" id=\"frm_submit_entry_2\" name=\"frm_submit_entry_2\" value=\"b4056a6e5d\" \/><input type=\"hidden\" name=\"_wp_http_referer\" value=\"\/nl\/wp-json\/wp\/v2\/pages\/32022\" \/><div id=\"frm_field_12_container\" class=\"frm_form_field form-field  frm_required_field frm_top_container\">\r\n    <div  id=\"field_9tv23_label\" class=\"frm_primary_label\">Voornaam en achternaam\r\n        <span class=\"frm_required\" aria-hidden=\"true\">*<\/span>\r\n    <\/div>\r\n    <fieldset aria-labelledby=\"field_9tv23_label\">\n\t<legend class=\"frm_screen_reader frm_hidden\">\n\t\tVoornaam en achternaam\t<\/legend>\n\n\t<div  class=\"frm_combo_inputs_container\" id=\"frm_combo_inputs_container_12\" data-name-layout=\"first_last\">\n\t\t\t\t\t<div\n\t\t\t\tid=\"frm_field_12-first_container\"\n\t\t\t\tclass=\"frm_form_field form-field frm_form_subfield-first  frm6\"\n\t\t\t\tdata-sub-field-name=\"first\"\n\t\t\t>\n\t\t\t\t<label for=\"field_9tv23_first\" class=\"frm_screen_reader frm_hidden\">\n\t\t\t\t\tVoornaam en achternaam\t\t\t\t<\/label>\n\n\t\t\t\t\t\t\t\t\t\t<input\n\t\t\t\t\t\t\ttype=\"text\"\n\t\t\t\t\t\t\tid=\"field_9tv23_first\"\n\t\t\t\t\t\t\tvalue=\"\"\n\t\t\t\t\t\t\tname=\"item_meta[12][first]\"  placeholder=\"Voornaam\" data-reqmsg=\"Dit veld mag niet leeg zijn.\" aria-required=\"true\" data-invmsg=\"Pr\u00e9nom et nom is ongeldig\" aria-invalid=\"false\"  \t\t\t\t\t\t\/>\n\t\t\t\t\t\t\t\t\t<\/div>\n\t\t\t\t\t<div\n\t\t\t\tid=\"frm_field_12-last_container\"\n\t\t\t\tclass=\"frm_form_field form-field frm_form_subfield-last  frm6\"\n\t\t\t\tdata-sub-field-name=\"last\"\n\t\t\t>\n\t\t\t\t<label for=\"field_9tv23_last\" class=\"frm_screen_reader frm_hidden\">\n\t\t\t\t\tVoornaam en achternaam\t\t\t\t<\/label>\n\n\t\t\t\t\t\t\t\t\t\t<input\n\t\t\t\t\t\t\ttype=\"text\"\n\t\t\t\t\t\t\tid=\"field_9tv23_last\"\n\t\t\t\t\t\t\tvalue=\"\"\n\t\t\t\t\t\t\tname=\"item_meta[12][last]\"  placeholder=\"Naam\" data-reqmsg=\"Dit veld mag niet leeg zijn.\" aria-required=\"true\" data-invmsg=\"Pr\u00e9nom et nom is ongeldig\" aria-invalid=\"false\"  \t\t\t\t\t\t\/>\n\t\t\t\t\t\t\t\t\t<\/div>\n\t\t\t<\/div>\n<\/fieldset>\n\r\n    \r\n    \r\n<\/div>\n<div id=\"frm_field_9_container\" class=\"frm_form_field form-field  frm_required_field frm_top_container frm6 frm_first\">\r\n    <label for=\"field_1d4mx\" id=\"field_1d4mx_label\" class=\"frm_primary_label\">E-mail\r\n        <span class=\"frm_required\" aria-hidden=\"true\">*<\/span>\r\n    <\/label>\r\n    <input type=\"email\" id=\"field_1d4mx\" name=\"item_meta[9]\" value=\"\" autocomplete=\"email\" placeholder=\"E-mailadres\" data-reqmsg=\"Dit veld mag niet leeg zijn.\" aria-required=\"true\" data-invmsg=\"E-mail is ongeldig\" aria-invalid=\"false\"  \/>\r\n    \r\n    \r\n<\/div>\n<div id=\"frm_field_8_container\" class=\"frm_form_field form-field  frm_required_field frm_top_container frm6\">\r\n    <label for=\"field_73ryn\" id=\"field_73ryn_label\" class=\"frm_primary_label\">Telefoon\r\n        <span class=\"frm_required\" aria-hidden=\"true\">*<\/span>\r\n    <\/label>\r\n    <input type=\"tel\" id=\"field_73ryn\" name=\"item_meta[8]\" value=\"\"  placeholder=\"Telefoonnummer\" data-reqmsg=\"Dit veld mag niet leeg zijn.\" aria-required=\"true\" data-invmsg=\"Telefoon is ongeldig\" aria-invalid=\"false\" pattern=\"((\\+\\d{1,3}(-|.| )?\\(?\\d\\)?(-| |.)?\\d{1,5})|(\\(?\\d{2,6}\\)?))(-|.| )?(\\d{3,4})(-|.| )?(\\d{4})(( x| ext)\\d{1,5}){0,1}$\"  \/>\r\n    \r\n    \r\n<\/div>\n<div id=\"frm_field_16_container\" class=\"frm_form_field form-field  frm_required_field frm_top_container frm_two_col frm_other_container\">\r\n    <div  id=\"field_z5qqr_label\" class=\"frm_primary_label\">Betreft\r\n        <span class=\"frm_required\" aria-hidden=\"true\">*<\/span>\r\n    <\/div>\r\n    <div class=\"frm_opt_container\" aria-labelledby=\"field_z5qqr_label\" role=\"radiogroup\" aria-required=\"true\">\t\t<div class=\"frm_radio\" id=\"frm_radio_16-0\"><label for=\"field_z5qqr-0\">\t\t<input type=\"radio\" name=\"item_meta[16]\" id=\"field_z5qqr-0\" value=\"Domiciliation commerciale\"\n\t\t   data-reqmsg=\"Ce champ ne doit pas \u00eatre vide.\" data-invmsg=\"Concerne is ongeldig\" aria-invalid=\"false\"  \/> Commerci\u00eble domicili\u00ebring<\/label><\/div>\n\t\t<div class=\"frm_radio\" id=\"frm_radio_16-1\"><label for=\"field_z5qqr-1\">\t\t<input type=\"radio\" name=\"item_meta[16]\" id=\"field_z5qqr-1\" value=\"Bureaux priv\u00e9s\"\n\t\t   data-reqmsg=\"Ce champ ne doit pas \u00eatre vide.\" data-invmsg=\"Concerne is ongeldig\" aria-invalid=\"false\"  \/> Priv\u00e9kantoren<\/label><\/div>\n\t\t<div class=\"frm_radio\" id=\"frm_radio_16-2\"><label for=\"field_z5qqr-2\">\t\t<input type=\"radio\" name=\"item_meta[16]\" id=\"field_z5qqr-2\" value=\"Salles de r\u00e9union\"\n\t\t   data-reqmsg=\"Ce champ ne doit pas \u00eatre vide.\" data-invmsg=\"Concerne is ongeldig\" aria-invalid=\"false\"  \/> Vergaderzalen<\/label><\/div>\n\t\t<div class=\"frm_radio\" id=\"frm_radio_16-4\"><label for=\"field_z5qqr-4\">\t\t<input type=\"radio\" name=\"item_meta[16]\" id=\"field_z5qqr-4\" value=\"Coworking entreprise\"\n\t\t   data-reqmsg=\"Ce champ ne doit pas \u00eatre vide.\" data-invmsg=\"Concerne is ongeldig\" aria-invalid=\"false\"  \/> Zakelijk coworking<\/label><\/div>\n\t\t<div class=\"frm_radio\" id=\"frm_radio_16-3\"><label for=\"field_z5qqr-3\">\t\t<input type=\"radio\" name=\"item_meta[16]\" id=\"field_z5qqr-3\" value=\"Coliving\"\n\t\t   data-reqmsg=\"Ce champ ne doit pas \u00eatre vide.\" data-invmsg=\"Concerne is ongeldig\" aria-invalid=\"false\"  \/> Samenleven<\/label><\/div>\n\t\t<div class=\"frm_radio\" id=\"frm_radio_16-other_5\"><label for=\"field_z5qqr-other_5\">\t\t<input type=\"radio\" name=\"item_meta[16]\" id=\"field_z5qqr-other_5\" value=\"Autre\"\n\t\t   data-reqmsg=\"Ce champ ne doit pas \u00eatre vide.\" data-invmsg=\"Concerne is ongeldig\" aria-invalid=\"false\"  \/> Andere<\/label><label for=\"field_z5qqr-other_5-otext\" class=\"frm_screen_reader frm_hidden\">Andere<\/label><input type=\"text\" id=\"field_z5qqr-other_5-otext\" class=\"frm_other_input frm_pos_none\"  name=\"item_meta[other][16]\" value=\"\" \/><\/div>\n<\/div>\r\n    \r\n    \r\n<\/div>\n<div id=\"frm_field_14_container\" class=\"frm_form_field form-field  frm_top_container\">\r\n    <label for=\"field_sg77n\" id=\"field_sg77n_label\" class=\"frm_primary_label\">Bericht\r\n        <span class=\"frm_required\" aria-hidden=\"true\"><\/span>\r\n    <\/label>\r\n    <textarea name=\"item_meta[14]\" id=\"field_sg77n\" rows=\"5\"  placeholder=\"Als u een vraag of verzoek om informatie over deze service hebt, kunt u ons hier schrijven.  \r\n\r\nAls u alleen wilt dat er contact met u wordt opgenomen, laat dit dan leeg.\" data-invmsg=\"Paragraaf is ongeldig\" aria-invalid=\"false\"  ><\/textarea>\r\n    \r\n    \r\n<\/div>\n<div id=\"frm_field_15_container\" class=\"frm_form_field form-field  frm_required_field frm_top_container\">\r\n    <label for=\"field_2j4ew\" id=\"field_2j4ew_label\" class=\"frm_primary_label\">Hoe wil je opnieuw gecontacteerd worden?\r\n        <span class=\"frm_required\" aria-hidden=\"true\">*<\/span>\r\n    <\/label>\r\n    \t\t<select name=\"item_meta[15]\" id=\"field_2j4ew\"  data-frmval=\"E-mail\" data-reqmsg=\"Dit veld mag niet leeg zijn\" aria-required=\"true\" data-invmsg=\"Comment voulez-vous \u00eatre recontact\u00e9(e) ? is ongeldig\" aria-invalid=\"false\"  >\n\t\t<option  value=\"E-mail\" selected='selected'>E-mail<\/option><option  value=\"T\u00e9l\u00e9phone\">Telefoon<\/option>\t<\/select>\n\t\r\n    \r\n    \r\n<\/div>\n<div id=\"frm_field_111_container\" class=\"frm_form_field form-field  frm_top_container\">\r\n    <label for=\"field_n0nwz\" id=\"field_n0nwz_label\" class=\"frm_primary_label\">Wanneer is de beste tijd?\r\n        <span class=\"frm_required\" aria-hidden=\"true\"><\/span>\r\n    <\/label>\r\n    <input type=\"text\" id=\"field_n0nwz\" name=\"item_meta[111]\" value=\"\"  placeholder=\"Optioneel\" data-invmsg=\"tekst is ongeldig\" aria-invalid=\"false\"  \/>\r\n    \r\n    \r\n<\/div>\n\t<input type=\"hidden\" name=\"item_key\" value=\"\" \/>\n\t\t\t\t<div class=\"frm__656b196e84a73\">\n\t\t\t\t<label for=\"frm_email_2\" >\n\t\t\t\t\tIndien je een mens bent, laat dit veld leeg:.\t\t\t\t<\/label>\n\t\t\t\t<input  id=\"frm_email_2\" type=\"text\" class=\"frm_verify\" name=\"frm__656b196e84a73\" value=\"\" autocomplete=\"false\"  \/>\n\t\t\t<\/div>\n\t\t<input name=\"frm_state\" type=\"hidden\" value=\"NAV\/u0P9GRs2Hnz0YYHdgr8Ho6fOdxxUBOoVIQ1DhyM=\" \/><div class=\"frm_submit\">\r\n\r\n<button class=\"frm_button_submit frm_final_submit\" type=\"submit\"   formnovalidate=\"formnovalidate\">Stuur<\/button>\r\n\r\n\r\n<\/div><\/div>\n<\/fieldset>\n<\/div>\n<\/form>\n<\/div>\n\n<\/div>\n<\/div><div class=\"gb-container gb-container-631997d4\">\n<div class=\"gb-container gb-container-355699ab\">\n\n<h2 class=\"gb-headline gb-headline-7b4f604c gb-headline-text\">Toegang &amp; Praktische informatie<\/h2>\n\n\n<div class=\"gb-grid-wrapper gb-grid-wrapper-44a9a1f8\">\n<div class=\"gb-grid-column gb-grid-column-68ba492a\"><div class=\"gb-container gb-container-68ba492a\">\n\n<h3 class=\"gb-headline gb-headline-4f680457 gb-headline-text\">Openbaar vervoer<\/h3>\n\n\n\n<p class=\"gb-headline gb-headline-64c6bb64 gb-headline-text\"><strong>Metro<\/strong><\/p>\n\n\n\n<p class=\"gb-headline gb-headline-24262fc9 gb-headline-text\">Lijnen 1 en 5: halte&nbsp;&nbsp;<strong> Arts-Loi<\/strong><\/p>\n\n\n\n<p class=\"gb-headline gb-headline-1244303b gb-headline-text\">Lijnen 2 &amp; 6:&nbsp;&nbsp;<strong> Kunst-Wet<\/strong>&nbsp;of&nbsp; <strong>Madou<\/strong> haltes<\/p>\n\n\n\n<p class=\"gb-headline gb-headline-663dab44 gb-headline-text\"><strong>Tram<\/strong><\/p>\n\n\n\n<p class=\"gb-headline gb-headline-720363a4 gb-headline-text\">Lijnen 92 &amp; 93: &nbsp;Stop&nbsp; <strong>Congr\u00e8s<\/strong><\/p>\n\n\n\n<p class=\"gb-headline gb-headline-354703fc gb-headline-text\">Lijnen 2 &amp; 6:&nbsp;&nbsp;<strong> <\/strong> halte<strong>Kunst-Wet<\/strong>&nbsp;of&nbsp; halte<strong>Madou<\/strong><\/p>\n\n\n\n<p class=\"gb-headline gb-headline-8aeacbd3 gb-headline-text\"><strong>Bus<\/strong><\/p>\n\n\n\n<p class=\"gb-headline gb-headline-d9845f61 gb-headline-text\">Lijnen 29, 63, 65 &amp; 66: &nbsp;Stop&nbsp; <strong>Presse<\/strong><\/p>\n\n\n\n<p class=\"gb-headline gb-headline-b1e0269e gb-headline-text\"><strong>Trein<\/strong><\/p>\n\n\n\n<p class=\"gb-headline gb-headline-111335df gb-headline-text\">Centraal station: &nbsp;5 minuten te voet<\/p>\n\n\n\n<p class=\"gb-headline gb-headline-b0e80003 gb-headline-text\">Vertrek elke 20 minuten naar de luchthaven van Brussel<\/p>\n\n<\/div><\/div>\n\n<div class=\"gb-grid-column gb-grid-column-d345fa0d\"><div class=\"gb-container gb-container-d345fa0d\">\n\n<h3 class=\"gb-headline gb-headline-7973c647 gb-headline-text\">Parkeren en niet-gemotoriseerd<\/h3>\n\n\n\n<p class=\"gb-headline gb-headline-bf06c688 gb-headline-text\"><strong>Parkeerplaats<\/strong><\/p>\n\n\n\n<p class=\"gb-headline gb-headline-99a5de1f gb-headline-text\">Op 100 meter afstand:&nbsp;Indigo Spectrum <a href=\"https:\/\/be.parkindigo.com\/fr\/car-park\/parking-spectrum\" target=\"_blank\" rel=\"noreferrer noopener\">(details)<\/a><\/p>\n\n\n\n<p class=\"gb-headline gb-headline-664ef774 gb-headline-text\">Op 150 meter:&nbsp;Bpark <a href=\"https:\/\/www.bepark.eu\/fr\/parking\/belgique\/saint-josse-ten-noode-sint-joost-ten-node\/rue-marie-therese-maria-theresiastraat\/419\" target=\"_blank\" rel=\"noreferrer noopener\">(details)<\/a><\/p>\n\n\n\n<p class=\"gb-headline gb-headline-3a414c99 gb-headline-text\">We bieden een beveiligde priv\u00e9parkeerplaats voor \u20ac155 per maand.<\/p>\n\n\n\n<p class=\"gb-headline gb-headline-d9fb260c gb-headline-text\">Residenti\u00eble autopas beschikbaar voor \u20ac350\/jaar.<\/p>\n\n\n\n<p class=\"gb-headline gb-headline-032a8cdf gb-headline-text\"><strong>U bevindt zich op :<\/strong><\/p>\n\n\n\n<p class=\"gb-headline gb-headline-631ec727 gb-headline-text\">2 minuten van de R20 naar de Ring<\/p>\n\n\n\n<p class=\"gb-headline gb-headline-ac6463c5 gb-headline-text\">15 minuten van Brussel Airport<\/p>\n\n\n\n<p class=\"gb-headline gb-headline-0f5fccde gb-headline-text\">15 minuten van het Atomium<\/p>\n\n\n\n<p class=\"gb-headline gb-headline-8394ba73 gb-headline-text\"><strong>Villo<\/strong><\/p>\n\n\n\n<p class=\"gb-headline gb-headline-b9e72a07 gb-headline-text\">Villo station:&nbsp;<strong>048 Regent<\/strong>&nbsp;<a href=\"https:\/\/www.villo.be\/fr\/mapping\" target=\"_blank\" rel=\"noreferrer noopener\">(details)<\/a><\/p>\n\n\n\n<p class=\"gb-headline gb-headline-5a904ec7 gb-headline-text\">Prijzen vanaf \u20ac1,65 per dag<\/p>\n\n\n\n<p class=\"gb-headline gb-headline-16bf9873 gb-headline-text\"><strong>Elektrische scooters<\/strong><\/p>\n\n\n\n<p class=\"gb-headline gb-headline-c7362fd1 gb-headline-text\">Er zijn verschillende elektronische scooters beschikbaar in de omgeving.<\/p>\n\n<\/div><\/div>\n\n<div class=\"gb-grid-column gb-grid-column-f18fdf9e\"><div class=\"gb-container gb-container-f18fdf9e\">\n\n<h3 class=\"gb-headline gb-headline-797de688 gb-headline-text\">Instellingen<\/h3>\n\n\n\n<p class=\"gb-headline gb-headline-263add58 gb-headline-text\"><strong>Instellingen<\/strong><\/p>\n\n\n\n<p class=\"gb-headline gb-headline-0b722cd8 gb-headline-text\">Europees Parlement<\/p>\n\n\n\n<p class=\"gb-headline gb-headline-93b60b87 gb-headline-text\">Belgische Senaat<\/p>\n\n\n\n<p class=\"gb-headline gb-headline-f8f16cdf gb-headline-text\">FSMA<\/p>\n\n\n\n<p class=\"gb-headline gb-headline-8970cc9c gb-headline-text\">Amerikaanse ambassade<\/p>\n\n\n\n<p class=\"gb-headline gb-headline-a3621b4a gb-headline-text\">Franse Gemeenschap<\/p>\n\n\n\n<p class=\"gb-headline gb-headline-c34adb87 gb-headline-text\">Franse ambassade<\/p>\n\n\n\n<p class=\"gb-headline gb-headline-97306244 gb-headline-text\">BNP<\/p>\n\n\n\n<p class=\"gb-headline gb-headline-7f64cdb8 gb-headline-text\">Europese Commissie (Madou)<\/p>\n\n\n\n<p class=\"gb-headline gb-headline-2a581313 gb-headline-text\"><strong>Cultuur<\/strong><\/p>\n\n\n\n<p class=\"gb-headline gb-headline-16a80eca gb-headline-text\">Het Koninklijk Circus<\/p>\n\n\n\n<p class=\"gb-headline gb-headline-96260c9d gb-headline-text\">Het theater van het park<\/p>\n\n\n\n<p class=\"gb-headline gb-headline-f9d37728 gb-headline-text\">De botanische tuin<\/p>\n\n\n\n<p class=\"gb-headline gb-headline-b21af89e gb-headline-text\"><strong>Sport<\/strong><\/p>\n\n\n\n<p class=\"gb-headline gb-headline-50475f39 gb-headline-text\">Het Koninklijke Park<\/p>\n\n<\/div><\/div>\n<\/div>\n<\/div>\n<\/div><div class=\"gb-container gb-container-947beeae\">\n<div class=\"gb-grid-wrapper gb-grid-wrapper-d0e408a3\">\n<div class=\"gb-grid-column gb-grid-column-b7e0f593\"><div class=\"gb-container gb-container-b7e0f593\">\n\n<figure class=\"gb-block-image gb-block-image-577aabff\"><img decoding=\"async\" width=\"1920\" height=\"2560\" class=\"gb-image gb-image-577aabff\" src=\"https:\/\/burotel.be\/wp-content\/uploads\/2023\/12\/bureau-prive-equipe-burotel-20-scaled.jpg\" alt=\"\" title=\"Bewerkt met VSCO met hb1 preset\" srcset=\"https:\/\/burotel.be\/wp-content\/uploads\/2023\/12\/bureau-prive-equipe-burotel-20-scaled.jpg 1920w, https:\/\/burotel.be\/wp-content\/uploads\/2023\/12\/bureau-prive-equipe-burotel-20-225x300.jpg 225w, https:\/\/burotel.be\/wp-content\/uploads\/2023\/12\/bureau-prive-equipe-burotel-20-768x1024.jpg 768w, https:\/\/burotel.be\/wp-content\/uploads\/2023\/12\/bureau-prive-equipe-burotel-20-1152x1536.jpg 1152w, https:\/\/burotel.be\/wp-content\/uploads\/2023\/12\/bureau-prive-equipe-burotel-20-1536x2048.jpg 1536w\" sizes=\"(max-width: 1920px) 100vw, 1920px\" \/><\/figure>\n\n<\/div><\/div>\n\n<div class=\"gb-grid-column gb-grid-column-17b3f9f8\"><div class=\"gb-container gb-container-17b3f9f8\">\n\n<figure class=\"gb-block-image gb-block-image-12d9a4e3\"><img decoding=\"async\" width=\"2560\" height=\"1707\" class=\"gb-image gb-image-12d9a4e3\" src=\"https:\/\/burotel.be\/wp-content\/uploads\/2023\/12\/salle-reunion-sky-burotel-2-scaled.jpg\" alt=\"\" title=\"vergaderzaal-sky-burotel-2\" srcset=\"https:\/\/burotel.be\/wp-content\/uploads\/2023\/12\/salle-reunion-sky-burotel-2-scaled.jpg 2560w, https:\/\/burotel.be\/wp-content\/uploads\/2023\/12\/salle-reunion-sky-burotel-2-300x200.jpg 300w, https:\/\/burotel.be\/wp-content\/uploads\/2023\/12\/salle-reunion-sky-burotel-2-1024x683.jpg 1024w, https:\/\/burotel.be\/wp-content\/uploads\/2023\/12\/salle-reunion-sky-burotel-2-768x512.jpg 768w, https:\/\/burotel.be\/wp-content\/uploads\/2023\/12\/salle-reunion-sky-burotel-2-1536x1024.jpg 1536w, https:\/\/burotel.be\/wp-content\/uploads\/2023\/12\/salle-reunion-sky-burotel-2-2048x1365.jpg 2048w\" sizes=\"(max-width: 2560px) 100vw, 2560px\" \/><\/figure>\n\n<\/div><\/div>\n\n<div class=\"gb-grid-column gb-grid-column-5566f28c\"><div class=\"gb-container gb-container-5566f28c\">\n\n<figure class=\"gb-block-image gb-block-image-56f3ef2d\"><img decoding=\"async\" width=\"1707\" height=\"2560\" class=\"gb-image gb-image-56f3ef2d\" src=\"https:\/\/burotel.be\/wp-content\/uploads\/2023\/12\/atmosphere-burotel-6-scaled.jpg\" alt=\"\" title=\"sfeer-burotel-6\" srcset=\"https:\/\/burotel.be\/wp-content\/uploads\/2023\/12\/atmosphere-burotel-6-scaled.jpg 1707w, https:\/\/burotel.be\/wp-content\/uploads\/2023\/12\/atmosphere-burotel-6-200x300.jpg 200w, https:\/\/burotel.be\/wp-content\/uploads\/2023\/12\/atmosphere-burotel-6-683x1024.jpg 683w, https:\/\/burotel.be\/wp-content\/uploads\/2023\/12\/atmosphere-burotel-6-768x1152.jpg 768w, https:\/\/burotel.be\/wp-content\/uploads\/2023\/12\/atmosphere-burotel-6-1024x1536.jpg 1024w, https:\/\/burotel.be\/wp-content\/uploads\/2023\/12\/atmosphere-burotel-6-1365x2048.jpg 1365w\" sizes=\"(max-width: 1707px) 100vw, 1707px\" \/><\/figure>\n\n<\/div><\/div>\n\n<div class=\"gb-grid-column gb-grid-column-a7771181\"><div class=\"gb-container gb-container-a7771181\">\n\n<figure class=\"gb-block-image gb-block-image-468c2035\"><img decoding=\"async\" width=\"1707\" height=\"2560\" class=\"gb-image gb-image-468c2035\" src=\"https:\/\/burotel.be\/wp-content\/uploads\/2023\/12\/salle-reunion-victor-horta-burotel-3-scaled.jpg\" alt=\"\" title=\"vergaderzaal-victor-horta-burotel-3\" srcset=\"https:\/\/burotel.be\/wp-content\/uploads\/2023\/12\/salle-reunion-victor-horta-burotel-3-scaled.jpg 1707w, https:\/\/burotel.be\/wp-content\/uploads\/2023\/12\/salle-reunion-victor-horta-burotel-3-200x300.jpg 200w, https:\/\/burotel.be\/wp-content\/uploads\/2023\/12\/salle-reunion-victor-horta-burotel-3-683x1024.jpg 683w, https:\/\/burotel.be\/wp-content\/uploads\/2023\/12\/salle-reunion-victor-horta-burotel-3-768x1152.jpg 768w, https:\/\/burotel.be\/wp-content\/uploads\/2023\/12\/salle-reunion-victor-horta-burotel-3-1024x1536.jpg 1024w, https:\/\/burotel.be\/wp-content\/uploads\/2023\/12\/salle-reunion-victor-horta-burotel-3-1365x2048.jpg 1365w\" sizes=\"(max-width: 1707px) 100vw, 1707px\" \/><\/figure>\n\n<\/div><\/div>\n\n<div class=\"gb-grid-column gb-grid-column-50c9d35f\"><div class=\"gb-container gb-container-50c9d35f\">\n\n<figure class=\"gb-block-image gb-block-image-945aa655\"><img decoding=\"async\" width=\"1333\" height=\"2000\" class=\"gb-image gb-image-945aa655\" src=\"https:\/\/burotel.be\/wp-content\/uploads\/2023\/12\/bureau-prive-equipe-burotel-19.jpg\" alt=\"\" title=\"bureau-prive-equipe-burotel-19\" srcset=\"https:\/\/burotel.be\/wp-content\/uploads\/2023\/12\/bureau-prive-equipe-burotel-19.jpg 1333w, https:\/\/burotel.be\/wp-content\/uploads\/2023\/12\/bureau-prive-equipe-burotel-19-200x300.jpg 200w, https:\/\/burotel.be\/wp-content\/uploads\/2023\/12\/bureau-prive-equipe-burotel-19-682x1024.jpg 682w, https:\/\/burotel.be\/wp-content\/uploads\/2023\/12\/bureau-prive-equipe-burotel-19-768x1152.jpg 768w, https:\/\/burotel.be\/wp-content\/uploads\/2023\/12\/bureau-prive-equipe-burotel-19-1024x1536.jpg 1024w\" sizes=\"(max-width: 1333px) 100vw, 1333px\" \/><\/figure>\n\n<\/div><\/div>\n<\/div>\n<\/div>","protected":false},"excerpt":{"rendered":"<p>Burotel Onze gebouwenUitzonderlijke werkplekkenIn het centrum van Brussel 3 uitzonderlijke werkplekken Zodra je aankomt in ons Burotel centrum, bevind je &#8230; <\/p>\n<p class=\"read-more-container\"><a title=\"Onze locaties\" class=\"read-more button\" href=\"https:\/\/burotel.be\/nl\/onze-locaties\/#more-32022\" aria-label=\"More on Onze locaties\">Read more<\/a><\/p>\n","protected":false},"author":1,"featured_media":0,"parent":0,"menu_order":0,"comment_status":"closed","ping_status":"closed","template":"","meta":{"footnotes":""},"_links":{"self":[{"href":"https:\/\/burotel.be\/nl\/wp-json\/wp\/v2\/pages\/32022"}],"collection":[{"href":"https:\/\/burotel.be\/nl\/wp-json\/wp\/v2\/pages"}],"about":[{"href":"https:\/\/burotel.be\/nl\/wp-json\/wp\/v2\/types\/page"}],"author":[{"embeddable":true,"href":"https:\/\/burotel.be\/nl\/wp-json\/wp\/v2\/users\/1"}],"replies":[{"embeddable":true,"href":"https:\/\/burotel.be\/nl\/wp-json\/wp\/v2\/comments?post=32022"}],"version-history":[{"count":3,"href":"https:\/\/burotel.be\/nl\/wp-json\/wp\/v2\/pages\/32022\/revisions"}],"predecessor-version":[{"id":32350,"href":"https:\/\/burotel.be\/nl\/wp-json\/wp\/v2\/pages\/32022\/revisions\/32350"}],"wp:attachment":[{"href":"https:\/\/burotel.be\/nl\/wp-json\/wp\/v2\/media?parent=32022"}],"curies":[{"name":"wp","href":"https:\/\/api.w.org\/{rel}","templated":true}]}}